{"id":599,"date":"2023-01-10T08:40:55","date_gmt":"2023-01-10T08:40:55","guid":{"rendered":"https:\/\/biosiris.jmgmedia.com\/staging\/?post_type=product&#038;p=599"},"modified":"2024-03-27T15:31:30","modified_gmt":"2024-03-27T15:31:30","slug":"crema-anti-edad-piel-normal","status":"publish","type":"product","link":"https:\/\/biosiris-cosmetiques.com\/index.php\/es\/produit\/crema-anti-edad-piel-normal\/","title":{"rendered":"Crema anti edad piel normal"},"content":{"rendered":"<p>Cette cr\u00e8me l\u00e9g\u00e8re et onctueuse a \u00e9t\u00e9 sp\u00e9cialement formul\u00e9e pour les peaux normales \u00e0 mixtes.<br \/>\nLes huiles d&rsquo;argan et de noyaux d&rsquo;abricot hydratent la peau sans laisser de film gras.<br \/>\nL\u2019huile de Jojoba r\u00e9gule le s\u00e9bum tout en renfor\u00e7ant le film hydrolipidique de la peau.<br \/>\nSoin complet pour tous les types de peaux.<br \/>\nComposition : Fleur d\u2019OrangerBIO, Jojoba BIO, Argan BIO, Noyaux d\u2019Abricot BIO, Vitamine E naturelle et complexe d\u2019huiles essentielles BIO.<br \/>\nContenance 50ml<br \/>\nBIO : Issu de l\u2019Agriculture Biologique<br \/>\n99% du total des ingr\u00e9dients sont d\u2019origine naturelle dont 45% issus<br \/>\nde l\u2019agriculture biologique.<br \/>\nNon Test\u00e9 sur les Animaux.<br \/>\nMention Nature &amp; Progr\u00e8s<br \/>\nConseil d&rsquo;utilisation : appliquer sur le visage et le cou parfaitement nettoy\u00e9s ( en \u00e9vitant le contour des yeux).<br \/>\nProduits conseill\u00e9s pour le nettoyage du visage : Savon Revitalisant anti-\u00e2ge Lavandin, Savon Hydratant apaisant Orange ou Mousse Nettoyante Visage (produits adapt\u00e9s aux peaux normales \u00e0 mixtes).<br \/>\nIngr\u00e9dients (INCI) :<br \/>\nAqua (Water), citrus aurantium amara (bitter orange) flower distillateBIO, simmondsia Chinensis (Jojoba) oil BIO, Prunus Armeniaca (apricot) Kernel OilBIO, cetyl Alcohol,Glycerin BIO, argania spinosa Oil BIO, glyceryl stearate, cetearyl alcohol, stearic acid, sodium lauroyl glutamate, citrus bergamia peel o\u00efl expressedBIO , pelargonium graveolens o\u00eflBIO, citrus aurantium leaf o\u00eflBIO, cymbopogon martini herb o\u00eflBIO, cananga odorata flower o\u00eflBIO, Benzyl Alcohol, Dehydroacetic Acid Tocopherol, benzyl benzoate, benzyl salicylate, citral, citronellol, farnesol, geraniol, limonene, linalool.<\/p>\n","protected":false},"excerpt":{"rendered":"<p>Cette cr\u00e8me l\u00e9g\u00e8re et onctueuse a \u00e9t\u00e9 sp\u00e9cialement formul\u00e9e pour les peaux normales \u00e0 mixtes.<br \/>\nLes huiles d&rsquo;argan et de noyaux d&rsquo;abricot hydratent la peau sans laisser de film gras.<br \/>\nL\u2019huile de Jojoba r\u00e9gule le s\u00e9bum tout en renfor\u00e7ant le film hydrolipidique de la peau.<\/p>\n","protected":false},"featured_media":3106,"comment_status":"open","ping_status":"closed","template":"","meta":{"ocean_post_layout":"","ocean_both_sidebars_style":"","ocean_both_sidebars_content_width":0,"ocean_both_sidebars_sidebars_width":0,"ocean_sidebar":"0","ocean_second_sidebar":"0","ocean_disable_margins":"enable","ocean_add_body_class":"","ocean_shortcode_before_top_bar":"","ocean_shortcode_after_top_bar":"","ocean_shortcode_before_header":"","ocean_shortcode_after_header":"","ocean_has_shortcode":"","ocean_shortcode_after_title":"","ocean_shortcode_before_footer_widgets":"","ocean_shortcode_after_footer_widgets":"","ocean_shortcode_before_footer_bottom":"","ocean_shortcode_after_footer_bottom":"","ocean_display_top_bar":"default","ocean_display_header":"default","ocean_header_style":"","ocean_center_header_left_menu":"0","ocean_custom_header_template":"0","ocean_custom_logo":0,"ocean_custom_retina_logo":0,"ocean_custom_logo_max_width":0,"ocean_custom_logo_tablet_max_width":0,"ocean_custom_logo_mobile_max_width":0,"ocean_custom_logo_max_height":0,"ocean_custom_logo_tablet_max_height":0,"ocean_custom_logo_mobile_max_height":0,"ocean_header_custom_menu":"0","ocean_menu_typo_font_family":"0","ocean_menu_typo_font_subset":"","ocean_menu_typo_font_size":0,"ocean_menu_typo_font_size_tablet":0,"ocean_menu_typo_font_size_mobile":0,"ocean_menu_typo_font_size_unit":"px","ocean_menu_typo_font_weight":"","ocean_menu_typo_font_weight_tablet":"","ocean_menu_typo_font_weight_mobile":"","ocean_menu_typo_transform":"","ocean_menu_typo_transform_tablet":"","ocean_menu_typo_transform_mobile":"","ocean_menu_typo_line_height":0,"ocean_menu_typo_line_height_tablet":0,"ocean_menu_typo_line_height_mobile":0,"ocean_menu_typo_line_height_unit":"","ocean_menu_typo_spacing":0,"ocean_menu_typo_spacing_tablet":0,"ocean_menu_typo_spacing_mobile":0,"ocean_menu_typo_spacing_unit":"","ocean_menu_link_color":"","ocean_menu_link_color_hover":"","ocean_menu_link_color_active":"","ocean_menu_link_background":"","ocean_menu_link_hover_background":"","ocean_menu_link_active_background":"","ocean_menu_social_links_bg":"","ocean_menu_social_hover_links_bg":"","ocean_menu_social_links_color":"","ocean_menu_social_hover_links_color":"","ocean_disable_title":"default","ocean_disable_heading":"default","ocean_post_title":"","ocean_post_subheading":"","ocean_post_title_style":"","ocean_post_title_background_color":"","ocean_post_title_background":0,"ocean_post_title_bg_image_position":"","ocean_post_title_bg_image_attachment":"","ocean_post_title_bg_image_repeat":"","ocean_post_title_bg_image_size":"","ocean_post_title_height":0,"ocean_post_title_bg_overlay":0.5,"ocean_post_title_bg_overlay_color":"","ocean_disable_breadcrumbs":"default","ocean_breadcrumbs_color":"","ocean_breadcrumbs_separator_color":"","ocean_breadcrumbs_links_color":"","ocean_breadcrumbs_links_hover_color":"","ocean_display_footer_widgets":"default","ocean_display_footer_bottom":"default","ocean_custom_footer_template":"0"},"product_brand":[],"product_cat":[180],"product_tag":[],"class_list":{"0":"post-599","1":"product","2":"type-product","3":"status-publish","4":"has-post-thumbnail","6":"product_cat-non-classe-es","8":"entry","9":"has-media","11":"first","12":"instock","13":"shipping-taxable","14":"purchasable","15":"product-type-simple","16":"has-product-nav","17":"col","18":"span_1_of_4","19":"owp-content-center","20":"owp-thumbs-layout-horizontal","21":"owp-btn-normal","22":"owp-tabs-layout-horizontal"},"yoast_head":"<!-- This site is optimized with the Yoast SEO plugin v27.3 - https:\/\/yoast.com\/product\/yoast-seo-wordpress\/ -->\n<title>Crema anti edad piel normal - Biosiris Cosm\u00e9tiques<\/title>\n<meta name=\"robots\" content=\"index, follow, max-snippet:-1, max-image-preview:large, max-video-preview:-1\" \/>\n<link rel=\"canonical\" href=\"https:\/\/biosiris-cosmetiques.com\/index.php\/es\/produit\/crema-anti-edad-piel-normal\/\" \/>\n<meta property=\"og:locale\" content=\"fr_FR\" \/>\n<meta property=\"og:type\" content=\"article\" \/>\n<meta property=\"og:title\" content=\"Crema anti edad piel normal - Biosiris Cosm\u00e9tiques\" \/>\n<meta property=\"og:description\" content=\"Cette cr\u00e8me l\u00e9g\u00e8re et onctueuse a \u00e9t\u00e9 sp\u00e9cialement formul\u00e9e pour les peaux normales \u00e0 mixtes. Les huiles d&#039;argan et de noyaux d&#039;abricot hydratent la peau sans laisser de film gras. L\u2019huile de Jojoba r\u00e9gule le s\u00e9bum tout en renfor\u00e7ant le film hydrolipidique de la peau.\" \/>\n<meta property=\"og:url\" content=\"https:\/\/biosiris-cosmetiques.com\/index.php\/es\/produit\/crema-anti-edad-piel-normal\/\" \/>\n<meta property=\"og:site_name\" content=\"Biosiris Cosm\u00e9tiques\" \/>\n<meta property=\"article:publisher\" content=\"https:\/\/www.facebook.com\/biosiris.cosmetiques\" \/>\n<meta property=\"article:modified_time\" content=\"2024-03-27T15:31:30+00:00\" \/>\n<meta property=\"og:image\" content=\"https:\/\/biosiris-cosmetiques.com\/wp-content\/uploads\/2023\/01\/seche-2-scaled.jpg\" \/>\n\t<meta property=\"og:image:width\" content=\"2560\" \/>\n\t<meta property=\"og:image:height\" content=\"1920\" \/>\n\t<meta property=\"og:image:type\" content=\"image\/jpeg\" \/>\n<meta name=\"twitter:card\" content=\"summary_large_image\" \/>\n<meta name=\"twitter:label1\" content=\"Dur\u00e9e de lecture estim\u00e9e\" \/>\n\t<meta name=\"twitter:data1\" content=\"2 minutes\" \/>\n<script type=\"application\/ld+json\" class=\"yoast-schema-graph\">{\"@context\":\"https:\\\/\\\/schema.org\",\"@graph\":[{\"@type\":\"WebPage\",\"@id\":\"https:\\\/\\\/biosiris-cosmetiques.com\\\/index.php\\\/es\\\/produit\\\/crema-anti-edad-piel-normal\\\/\",\"url\":\"https:\\\/\\\/biosiris-cosmetiques.com\\\/index.php\\\/es\\\/produit\\\/crema-anti-edad-piel-normal\\\/\",\"name\":\"Crema anti edad piel normal - Biosiris Cosm\u00e9tiques\",\"isPartOf\":{\"@id\":\"https:\\\/\\\/biosiris-cosmetiques.com\\\/#website\"},\"primaryImageOfPage\":{\"@id\":\"https:\\\/\\\/biosiris-cosmetiques.com\\\/index.php\\\/es\\\/produit\\\/crema-anti-edad-piel-normal\\\/#primaryimage\"},\"image\":{\"@id\":\"https:\\\/\\\/biosiris-cosmetiques.com\\\/index.php\\\/es\\\/produit\\\/crema-anti-edad-piel-normal\\\/#primaryimage\"},\"thumbnailUrl\":\"https:\\\/\\\/biosiris-cosmetiques.com\\\/wp-content\\\/uploads\\\/2023\\\/01\\\/seche-2-scaled.jpg\",\"datePublished\":\"2023-01-10T08:40:55+00:00\",\"dateModified\":\"2024-03-27T15:31:30+00:00\",\"breadcrumb\":{\"@id\":\"https:\\\/\\\/biosiris-cosmetiques.com\\\/index.php\\\/es\\\/produit\\\/crema-anti-edad-piel-normal\\\/#breadcrumb\"},\"inLanguage\":\"fr-FR\",\"potentialAction\":[{\"@type\":\"ReadAction\",\"target\":[\"https:\\\/\\\/biosiris-cosmetiques.com\\\/index.php\\\/es\\\/produit\\\/crema-anti-edad-piel-normal\\\/\"]}]},{\"@type\":\"ImageObject\",\"inLanguage\":\"fr-FR\",\"@id\":\"https:\\\/\\\/biosiris-cosmetiques.com\\\/index.php\\\/es\\\/produit\\\/crema-anti-edad-piel-normal\\\/#primaryimage\",\"url\":\"https:\\\/\\\/biosiris-cosmetiques.com\\\/wp-content\\\/uploads\\\/2023\\\/01\\\/seche-2-scaled.jpg\",\"contentUrl\":\"https:\\\/\\\/biosiris-cosmetiques.com\\\/wp-content\\\/uploads\\\/2023\\\/01\\\/seche-2-scaled.jpg\",\"width\":2560,\"height\":1920},{\"@type\":\"BreadcrumbList\",\"@id\":\"https:\\\/\\\/biosiris-cosmetiques.com\\\/index.php\\\/es\\\/produit\\\/crema-anti-edad-piel-normal\\\/#breadcrumb\",\"itemListElement\":[{\"@type\":\"ListItem\",\"position\":1,\"name\":\"Accueil\",\"item\":\"https:\\\/\\\/biosiris-cosmetiques.com\\\/\"},{\"@type\":\"ListItem\",\"position\":2,\"name\":\"Boutique\",\"item\":\"https:\\\/\\\/biosiris-cosmetiques.com\\\/index.php\\\/boutique\\\/\"},{\"@type\":\"ListItem\",\"position\":3,\"name\":\"Crema anti edad piel normal\"}]},{\"@type\":\"WebSite\",\"@id\":\"https:\\\/\\\/biosiris-cosmetiques.com\\\/#website\",\"url\":\"https:\\\/\\\/biosiris-cosmetiques.com\\\/\",\"name\":\"Biosiris Cosm\u00e9tiques\",\"description\":\"Biosiris Cosm\u00e9tiques - Soins naturels et biologiques\",\"publisher\":{\"@id\":\"https:\\\/\\\/biosiris-cosmetiques.com\\\/#organization\"},\"potentialAction\":[{\"@type\":\"SearchAction\",\"target\":{\"@type\":\"EntryPoint\",\"urlTemplate\":\"https:\\\/\\\/biosiris-cosmetiques.com\\\/?s={search_term_string}\"},\"query-input\":{\"@type\":\"PropertyValueSpecification\",\"valueRequired\":true,\"valueName\":\"search_term_string\"}}],\"inLanguage\":\"fr-FR\"},{\"@type\":\"Organization\",\"@id\":\"https:\\\/\\\/biosiris-cosmetiques.com\\\/#organization\",\"name\":\"Biosiris Cosm\u00e9tiques\",\"url\":\"https:\\\/\\\/biosiris-cosmetiques.com\\\/\",\"logo\":{\"@type\":\"ImageObject\",\"inLanguage\":\"fr-FR\",\"@id\":\"https:\\\/\\\/biosiris-cosmetiques.com\\\/#\\\/schema\\\/logo\\\/image\\\/\",\"url\":\"https:\\\/\\\/biosiris-cosmetiques.com\\\/wp-content\\\/uploads\\\/2022\\\/12\\\/logo-biosiris-400.png\",\"contentUrl\":\"https:\\\/\\\/biosiris-cosmetiques.com\\\/wp-content\\\/uploads\\\/2022\\\/12\\\/logo-biosiris-400.png\",\"width\":400,\"height\":175,\"caption\":\"Biosiris Cosm\u00e9tiques\"},\"image\":{\"@id\":\"https:\\\/\\\/biosiris-cosmetiques.com\\\/#\\\/schema\\\/logo\\\/image\\\/\"},\"sameAs\":[\"https:\\\/\\\/www.facebook.com\\\/biosiris.cosmetiques\",\"https:\\\/\\\/www.instagram.com\\\/biosiriscosmetiquesbio\\\/\"]}]}<\/script>\n<!-- \/ Yoast SEO plugin. -->","yoast_head_json":{"title":"Crema anti edad piel normal - Biosiris Cosm\u00e9tiques","robots":{"index":"index","follow":"follow","max-snippet":"max-snippet:-1","max-image-preview":"max-image-preview:large","max-video-preview":"max-video-preview:-1"},"canonical":"https:\/\/biosiris-cosmetiques.com\/index.php\/es\/produit\/crema-anti-edad-piel-normal\/","og_locale":"fr_FR","og_type":"article","og_title":"Crema anti edad piel normal - Biosiris Cosm\u00e9tiques","og_description":"Cette cr\u00e8me l\u00e9g\u00e8re et onctueuse a \u00e9t\u00e9 sp\u00e9cialement formul\u00e9e pour les peaux normales \u00e0 mixtes. Les huiles d'argan et de noyaux d'abricot hydratent la peau sans laisser de film gras. L\u2019huile de Jojoba r\u00e9gule le s\u00e9bum tout en renfor\u00e7ant le film hydrolipidique de la peau.","og_url":"https:\/\/biosiris-cosmetiques.com\/index.php\/es\/produit\/crema-anti-edad-piel-normal\/","og_site_name":"Biosiris Cosm\u00e9tiques","article_publisher":"https:\/\/www.facebook.com\/biosiris.cosmetiques","article_modified_time":"2024-03-27T15:31:30+00:00","og_image":[{"width":2560,"height":1920,"url":"https:\/\/biosiris-cosmetiques.com\/wp-content\/uploads\/2023\/01\/seche-2-scaled.jpg","type":"image\/jpeg"}],"twitter_card":"summary_large_image","twitter_misc":{"Dur\u00e9e de lecture estim\u00e9e":"2 minutes"},"schema":{"@context":"https:\/\/schema.org","@graph":[{"@type":"WebPage","@id":"https:\/\/biosiris-cosmetiques.com\/index.php\/es\/produit\/crema-anti-edad-piel-normal\/","url":"https:\/\/biosiris-cosmetiques.com\/index.php\/es\/produit\/crema-anti-edad-piel-normal\/","name":"Crema anti edad piel normal - Biosiris Cosm\u00e9tiques","isPartOf":{"@id":"https:\/\/biosiris-cosmetiques.com\/#website"},"primaryImageOfPage":{"@id":"https:\/\/biosiris-cosmetiques.com\/index.php\/es\/produit\/crema-anti-edad-piel-normal\/#primaryimage"},"image":{"@id":"https:\/\/biosiris-cosmetiques.com\/index.php\/es\/produit\/crema-anti-edad-piel-normal\/#primaryimage"},"thumbnailUrl":"https:\/\/biosiris-cosmetiques.com\/wp-content\/uploads\/2023\/01\/seche-2-scaled.jpg","datePublished":"2023-01-10T08:40:55+00:00","dateModified":"2024-03-27T15:31:30+00:00","breadcrumb":{"@id":"https:\/\/biosiris-cosmetiques.com\/index.php\/es\/produit\/crema-anti-edad-piel-normal\/#breadcrumb"},"inLanguage":"fr-FR","potentialAction":[{"@type":"ReadAction","target":["https:\/\/biosiris-cosmetiques.com\/index.php\/es\/produit\/crema-anti-edad-piel-normal\/"]}]},{"@type":"ImageObject","inLanguage":"fr-FR","@id":"https:\/\/biosiris-cosmetiques.com\/index.php\/es\/produit\/crema-anti-edad-piel-normal\/#primaryimage","url":"https:\/\/biosiris-cosmetiques.com\/wp-content\/uploads\/2023\/01\/seche-2-scaled.jpg","contentUrl":"https:\/\/biosiris-cosmetiques.com\/wp-content\/uploads\/2023\/01\/seche-2-scaled.jpg","width":2560,"height":1920},{"@type":"BreadcrumbList","@id":"https:\/\/biosiris-cosmetiques.com\/index.php\/es\/produit\/crema-anti-edad-piel-normal\/#breadcrumb","itemListElement":[{"@type":"ListItem","position":1,"name":"Accueil","item":"https:\/\/biosiris-cosmetiques.com\/"},{"@type":"ListItem","position":2,"name":"Boutique","item":"https:\/\/biosiris-cosmetiques.com\/index.php\/boutique\/"},{"@type":"ListItem","position":3,"name":"Crema anti edad piel normal"}]},{"@type":"WebSite","@id":"https:\/\/biosiris-cosmetiques.com\/#website","url":"https:\/\/biosiris-cosmetiques.com\/","name":"Biosiris Cosm\u00e9tiques","description":"Biosiris Cosm\u00e9tiques - Soins naturels et biologiques","publisher":{"@id":"https:\/\/biosiris-cosmetiques.com\/#organization"},"potentialAction":[{"@type":"SearchAction","target":{"@type":"EntryPoint","urlTemplate":"https:\/\/biosiris-cosmetiques.com\/?s={search_term_string}"},"query-input":{"@type":"PropertyValueSpecification","valueRequired":true,"valueName":"search_term_string"}}],"inLanguage":"fr-FR"},{"@type":"Organization","@id":"https:\/\/biosiris-cosmetiques.com\/#organization","name":"Biosiris Cosm\u00e9tiques","url":"https:\/\/biosiris-cosmetiques.com\/","logo":{"@type":"ImageObject","inLanguage":"fr-FR","@id":"https:\/\/biosiris-cosmetiques.com\/#\/schema\/logo\/image\/","url":"https:\/\/biosiris-cosmetiques.com\/wp-content\/uploads\/2022\/12\/logo-biosiris-400.png","contentUrl":"https:\/\/biosiris-cosmetiques.com\/wp-content\/uploads\/2022\/12\/logo-biosiris-400.png","width":400,"height":175,"caption":"Biosiris Cosm\u00e9tiques"},"image":{"@id":"https:\/\/biosiris-cosmetiques.com\/#\/schema\/logo\/image\/"},"sameAs":["https:\/\/www.facebook.com\/biosiris.cosmetiques","https:\/\/www.instagram.com\/biosiriscosmetiquesbio\/"]}]}},"_links":{"self":[{"href":"https:\/\/biosiris-cosmetiques.com\/index.php\/wp-json\/wp\/v2\/product\/599","targetHints":{"allow":["GET"]}}],"collection":[{"href":"https:\/\/biosiris-cosmetiques.com\/index.php\/wp-json\/wp\/v2\/product"}],"about":[{"href":"https:\/\/biosiris-cosmetiques.com\/index.php\/wp-json\/wp\/v2\/types\/product"}],"replies":[{"embeddable":true,"href":"https:\/\/biosiris-cosmetiques.com\/index.php\/wp-json\/wp\/v2\/comments?post=599"}],"version-history":[{"count":1,"href":"https:\/\/biosiris-cosmetiques.com\/index.php\/wp-json\/wp\/v2\/product\/599\/revisions"}],"predecessor-version":[{"id":600,"href":"https:\/\/biosiris-cosmetiques.com\/index.php\/wp-json\/wp\/v2\/product\/599\/revisions\/600"}],"wp:featuredmedia":[{"embeddable":true,"href":"https:\/\/biosiris-cosmetiques.com\/index.php\/wp-json\/wp\/v2\/media\/3106"}],"wp:attachment":[{"href":"https:\/\/biosiris-cosmetiques.com\/index.php\/wp-json\/wp\/v2\/media?parent=599"}],"wp:term":[{"taxonomy":"product_brand","embeddable":true,"href":"https:\/\/biosiris-cosmetiques.com\/index.php\/wp-json\/wp\/v2\/product_brand?post=599"},{"taxonomy":"product_cat","embeddable":true,"href":"https:\/\/biosiris-cosmetiques.com\/index.php\/wp-json\/wp\/v2\/product_cat?post=599"},{"taxonomy":"product_tag","embeddable":true,"href":"https:\/\/biosiris-cosmetiques.com\/index.php\/wp-json\/wp\/v2\/product_tag?post=599"}],"curies":[{"name":"wp","href":"https:\/\/api.w.org\/{rel}","templated":true}]}}