{"id":402,"date":"2022-12-23T10:37:49","date_gmt":"2022-12-23T10:37:49","guid":{"rendered":"https:\/\/biosiris.jmgmedia.com\/staging\/?post_type=product&#038;p=402"},"modified":"2026-04-25T01:47:08","modified_gmt":"2026-04-25T01:47:08","slug":"serum-eclat-anti-age","status":"publish","type":"product","link":"https:\/\/biosiris-cosmetiques.com\/index.php\/produit\/serum-eclat-anti-age\/","title":{"rendered":"S\u00e9rum \u00e9clat anti-\u00e2ge"},"content":{"rendered":"\t\t<div data-elementor-type=\"wp-post\" data-elementor-id=\"402\" class=\"elementor elementor-402\">\n\t\t\t\t\t\t<section class=\"elementor-section elementor-top-section elementor-element elementor-element-7628a05 elementor-section-boxed elementor-section-height-default elementor-section-height-default\" data-id=\"7628a05\" data-element_type=\"section\" data-e-type=\"section\">\n\t\t\t\t\t\t<div class=\"elementor-container elementor-column-gap-default\">\n\t\t\t\t\t<div class=\"elementor-column elementor-col-50 elementor-top-column elementor-element elementor-element-532e02c\" data-id=\"532e02c\" data-element_type=\"column\" data-e-type=\"column\">\n\t\t\t<div class=\"elementor-widget-wrap elementor-element-populated\">\n\t\t\t\t\t\t<div class=\"elementor-element elementor-element-7fb040c elementor-widget elementor-widget-image\" data-id=\"7fb040c\" data-element_type=\"widget\" data-e-type=\"widget\" data-widget_type=\"image.default\">\n\t\t\t\t<div class=\"elementor-widget-container\">\n\t\t\t\t\t\t\t\t\t\t\t\t\t\t\t<img fetchpriority=\"high\" decoding=\"async\" width=\"1024\" height=\"205\" src=\"https:\/\/biosiris-cosmetiques.com\/wp-content\/uploads\/2022\/12\/serun-m-1024x205.png\" class=\"attachment-large size-large wp-image-4506\" alt=\"\" srcset=\"https:\/\/biosiris-cosmetiques.com\/wp-content\/uploads\/2022\/12\/serun-m-1024x205.png 1024w, https:\/\/biosiris-cosmetiques.com\/wp-content\/uploads\/2022\/12\/serun-m-300x60.png 300w, https:\/\/biosiris-cosmetiques.com\/wp-content\/uploads\/2022\/12\/serun-m-768x154.png 768w, https:\/\/biosiris-cosmetiques.com\/wp-content\/uploads\/2022\/12\/serun-m-1536x307.png 1536w, https:\/\/biosiris-cosmetiques.com\/wp-content\/uploads\/2022\/12\/serun-m-2048x410.png 2048w, https:\/\/biosiris-cosmetiques.com\/wp-content\/uploads\/2022\/12\/serun-m-600x120.png 600w\" sizes=\"(max-width: 1024px) 100vw, 1024px\" \/>\t\t\t\t\t\t\t\t\t\t\t\t\t\t\t<\/div>\n\t\t\t\t<\/div>\n\t\t\t\t\t<\/div>\n\t\t<\/div>\n\t\t\t\t<div class=\"elementor-column elementor-col-50 elementor-top-column elementor-element elementor-element-f545e55\" data-id=\"f545e55\" data-element_type=\"column\" data-e-type=\"column\">\n\t\t\t<div class=\"elementor-widget-wrap\">\n\t\t\t\t\t\t\t<\/div>\n\t\t<\/div>\n\t\t\t\t\t<\/div>\n\t\t<\/section>\n\t\t\t\t<section class=\"elementor-section elementor-top-section elementor-element elementor-element-7d844de elementor-section-boxed elementor-section-height-default elementor-section-height-default\" data-id=\"7d844de\" data-element_type=\"section\" data-e-type=\"section\">\n\t\t\t\t\t\t<div class=\"elementor-container elementor-column-gap-default\">\n\t\t\t\t\t<div class=\"elementor-column elementor-col-100 elementor-top-column elementor-element elementor-element-ce13bed\" data-id=\"ce13bed\" data-element_type=\"column\" data-e-type=\"column\">\n\t\t\t<div class=\"elementor-widget-wrap elementor-element-populated\">\n\t\t\t\t\t\t<div class=\"elementor-element elementor-element-b829b3b elementor-widget elementor-widget-text-editor\" data-id=\"b829b3b\" data-element_type=\"widget\" data-e-type=\"widget\" data-widget_type=\"text-editor.default\">\n\t\t\t\t<div class=\"elementor-widget-container\">\n\t\t\t\t\t\t\t\t\t<p class=\"cvGsUA direction-ltr align-start para-style-body\"><strong><span class=\"OYPEnA text-decoration-none text-strikethrough-none\">Ce s\u00e9rum 3-en-1 <\/span><\/strong><span class=\"OYPEnA text-decoration-none text-strikethrough-none\">est exceptionnellement concentr\u00e9 <\/span><span class=\"OYPEnA text-decoration-none text-strikethrough-none\">en <strong>actifs naturels, offrant des propri\u00e9t\u00e9s hydratantes, anti-\u00e2ges et anti-t\u00e2ches.<\/strong><\/span><\/p><p class=\"cvGsUA direction-ltr align-start para-style-body\"><span class=\"OYPEnA text-decoration-none text-strikethrough-none\">Compos\u00e9 d<\/span><span class=\"OYPEnA text-decoration-none text-strikethrough-none\"><b>\u2019huile de p\u00e9pin de figue de barbarie<\/b> et<b> d&rsquo;acide hyaluronique\u00a0<\/b>il est un<b> v\u00e9ritable \u00e9lixir de jeunesse.<\/b>\u00a0<\/span><\/p>\t\t\t\t\t\t\t\t<\/div>\n\t\t\t\t<\/div>\n\t\t\t\t\t<\/div>\n\t\t<\/div>\n\t\t\t\t\t<\/div>\n\t\t<\/section>\n\t\t\t\t<section class=\"elementor-section elementor-top-section elementor-element elementor-element-b809ac2 elementor-section-boxed elementor-section-height-default elementor-section-height-default\" data-id=\"b809ac2\" data-element_type=\"section\" data-e-type=\"section\" data-settings=\"{&quot;background_background&quot;:&quot;classic&quot;}\">\n\t\t\t\t\t\t<div class=\"elementor-container elementor-column-gap-default\">\n\t\t\t\t\t<div class=\"elementor-column elementor-col-50 elementor-top-column elementor-element elementor-element-97cd5b2\" data-id=\"97cd5b2\" data-element_type=\"column\" data-e-type=\"column\">\n\t\t\t<div class=\"elementor-widget-wrap elementor-element-populated\">\n\t\t\t\t\t\t<div class=\"elementor-element elementor-element-0e1997b elementor-widget elementor-widget-image\" data-id=\"0e1997b\" data-element_type=\"widget\" data-e-type=\"widget\" data-widget_type=\"image.default\">\n\t\t\t\t<div class=\"elementor-widget-container\">\n\t\t\t\t\t\t\t\t\t\t\t\t\t\t\t<img decoding=\"async\" width=\"1000\" height=\"1000\" src=\"https:\/\/biosiris-cosmetiques.com\/wp-content\/uploads\/2022\/12\/acide-hyaluronque.png\" class=\"attachment-large size-large wp-image-3427\" alt=\"\" srcset=\"https:\/\/biosiris-cosmetiques.com\/wp-content\/uploads\/2022\/12\/acide-hyaluronque.png 1000w, https:\/\/biosiris-cosmetiques.com\/wp-content\/uploads\/2022\/12\/acide-hyaluronque-300x300.png 300w, https:\/\/biosiris-cosmetiques.com\/wp-content\/uploads\/2022\/12\/acide-hyaluronque-150x150.png 150w, https:\/\/biosiris-cosmetiques.com\/wp-content\/uploads\/2022\/12\/acide-hyaluronque-768x768.png 768w, https:\/\/biosiris-cosmetiques.com\/wp-content\/uploads\/2022\/12\/acide-hyaluronque-600x600.png 600w, https:\/\/biosiris-cosmetiques.com\/wp-content\/uploads\/2022\/12\/acide-hyaluronque-100x100.png 100w\" sizes=\"(max-width: 1000px) 100vw, 1000px\" \/>\t\t\t\t\t\t\t\t\t\t\t\t\t\t\t<\/div>\n\t\t\t\t<\/div>\n\t\t\t\t\t<\/div>\n\t\t<\/div>\n\t\t\t\t<div class=\"elementor-column elementor-col-50 elementor-top-column elementor-element elementor-element-763f4a8\" data-id=\"763f4a8\" data-element_type=\"column\" data-e-type=\"column\">\n\t\t\t<div class=\"elementor-widget-wrap elementor-element-populated\">\n\t\t\t\t\t\t<div class=\"elementor-element elementor-element-fefec64 elementor-widget elementor-widget-heading\" data-id=\"fefec64\" data-element_type=\"widget\" data-e-type=\"widget\" data-widget_type=\"heading.default\">\n\t\t\t\t<div class=\"elementor-widget-container\">\n\t\t\t\t\t<h2 class=\"elementor-heading-title elementor-size-default\">Point sur notre acide hyaluronique ultra-concentr\u00e9e<\/h2>\t\t\t\t<\/div>\n\t\t\t\t<\/div>\n\t\t\t\t<div class=\"elementor-element elementor-element-07cc11a elementor-widget elementor-widget-text-editor\" data-id=\"07cc11a\" data-element_type=\"widget\" data-e-type=\"widget\" data-widget_type=\"text-editor.default\">\n\t\t\t\t<div class=\"elementor-widget-container\">\n\t\t\t\t\t\t\t\t\t<p><span class=\"OYPEnA text-decoration-none text-strikethrough-none\"> Plongez dans une exp\u00e9rience de soin exceptionnelle avec notre s\u00e9rum, riche en <strong>acide hyaluronique<\/strong> hautement concentr\u00e9 de<b> haute qualit\u00e9<\/b>.<\/span><\/p><p class=\"cvGsUA direction-ltr align-start para-style-body\"><span class=\"OYPEnA text-decoration-none text-strikethrough-none\">Con\u00e7u pour offrir une hydratation compl\u00e8te et optimale, ce s\u00e9rum utilise deux grades diff\u00e9rents\u00a0 d&rsquo;acide hyaluronique (grosseur de la particule mol\u00e9culaire plus ou moins fine) pour des r\u00e9sultats in\u00e9gal\u00e9s :<\/span><\/p><ul><li><strong>Action en Profondeur<\/strong> : le premier grade de tr\u00e8s faible poids mol\u00e9culaire p\u00e9n\u00e8tre profond\u00e9ment dans la peau, favorisant une hydratation intense et durable.<\/li><li><strong>Action en Surface<\/strong> : le second grade de poids mol\u00e9culaire plus \u00e9lev\u00e9 hydrate la surface de la peau, procurant une sensation imm\u00e9diate de douceur et de confort.<\/li><\/ul><p class=\"cvGsUA direction-ltr align-start para-style-body\">Cet acide hyaluronique maintient l&rsquo;eau dans les cellules, regonflant les tissus pour une peau visiblement plus lisse, rebondie et \u00e9clatante pour une hydratation optimale.<\/p>\t\t\t\t\t\t\t\t<\/div>\n\t\t\t\t<\/div>\n\t\t\t\t\t<\/div>\n\t\t<\/div>\n\t\t\t\t\t<\/div>\n\t\t<\/section>\n\t\t\t\t<section class=\"elementor-section elementor-top-section elementor-element elementor-element-e6207fd elementor-section-boxed elementor-section-height-default elementor-section-height-default\" data-id=\"e6207fd\" data-element_type=\"section\" data-e-type=\"section\">\n\t\t\t\t\t\t<div class=\"elementor-container elementor-column-gap-default\">\n\t\t\t\t\t<div class=\"elementor-column elementor-col-100 elementor-top-column elementor-element elementor-element-e5ddb7d\" data-id=\"e5ddb7d\" data-element_type=\"column\" data-e-type=\"column\">\n\t\t\t<div class=\"elementor-widget-wrap elementor-element-populated\">\n\t\t\t\t\t\t<div class=\"elementor-element elementor-element-946dfc6 elementor-widget elementor-widget-text-editor\" data-id=\"946dfc6\" data-element_type=\"widget\" data-e-type=\"widget\" data-widget_type=\"text-editor.default\">\n\t\t\t\t<div class=\"elementor-widget-container\">\n\t\t\t\t\t\t\t\t\t<p class=\"cvGsUA direction-ltr align-start para-style-body\"><span style=\"font-size: 14px;\">Une simple goutte suffit pour raviver instantan\u00e9ment le visage et le cou.<\/span><\/p><p class=\"cvGsUA direction-ltr align-start para-style-body\"><span class=\"OYPEnA text-decoration-none text-strikethrough-none\">En compl\u00e9ment de la cr\u00e8me, ce s\u00e9rum apporte des composants additionnels pour une <\/span><strong><span class=\"OYPEnA text-decoration-none text-strikethrough-none\">hydratation profonde tout en agissant contre les imperfections cutan\u00e9es<\/span><\/strong><span class=\"OYPEnA text-decoration-none text-strikethrough-none\">. Il peut \u00eatre appliqu\u00e9 sous la cr\u00e8me pour maximiser ses bienfaits.<\/span><\/p><p class=\"cvGsUA direction-ltr align-start para-style-body\"><span class=\"OYPEnA text-decoration-none text-strikethrough-none\">Sa texture fine et voluptueuse <\/span><strong><span class=\"OYPEnA text-decoration-none text-strikethrough-none\">sublime instantan\u00e9ment la peau<\/span><\/strong><span class=\"OYPEnA text-decoration-none text-strikethrough-none\">. Il redonne <\/span><strong><span class=\"OYPEnA text-decoration-none text-strikethrough-none\">tonus, fermet\u00e9 et \u00e9clat \u00e0 la peau<\/span><\/strong><span class=\"OYPEnA text-decoration-none text-strikethrough-none\">, \u00e0 utiliser quotidiennement. I<\/span><span class=\"OYPEnA text-decoration-none text-strikethrough-none\">l convient aux <\/span><strong><span class=\"OYPEnA text-decoration-none text-strikethrough-none\">peaux d\u00e9licates, matures et fragiles<\/span><\/strong><span class=\"OYPEnA text-decoration-none text-strikethrough-none\">. Un rituel de soin in\u00e9gal\u00e9 pour une peau resplendissante.<\/span><\/p>\t\t\t\t\t\t\t\t<\/div>\n\t\t\t\t<\/div>\n\t\t\t\t<div class=\"elementor-element elementor-element-77f8a1a elementor-widget__width-initial elementor-widget-tablet__width-initial elementor-widget-mobile__width-initial elementor-widget elementor-widget-image\" data-id=\"77f8a1a\" data-element_type=\"widget\" data-e-type=\"widget\" data-widget_type=\"image.default\">\n\t\t\t\t<div class=\"elementor-widget-container\">\n\t\t\t\t\t\t\t\t\t\t\t\t\t\t\t<img decoding=\"async\" width=\"1024\" height=\"219\" src=\"https:\/\/biosiris-cosmetiques.com\/wp-content\/uploads\/2022\/12\/serum-2-1024x219.png\" class=\"attachment-large size-large wp-image-3467\" alt=\"\" srcset=\"https:\/\/biosiris-cosmetiques.com\/wp-content\/uploads\/2022\/12\/serum-2-1024x219.png 1024w, https:\/\/biosiris-cosmetiques.com\/wp-content\/uploads\/2022\/12\/serum-2-300x64.png 300w, https:\/\/biosiris-cosmetiques.com\/wp-content\/uploads\/2022\/12\/serum-2-768x165.png 768w, https:\/\/biosiris-cosmetiques.com\/wp-content\/uploads\/2022\/12\/serum-2-1536x329.png 1536w, https:\/\/biosiris-cosmetiques.com\/wp-content\/uploads\/2022\/12\/serum-2-2048x439.png 2048w, https:\/\/biosiris-cosmetiques.com\/wp-content\/uploads\/2022\/12\/serum-2-600x129.png 600w\" sizes=\"(max-width: 1024px) 100vw, 1024px\" \/>\t\t\t\t\t\t\t\t\t\t\t\t\t\t\t<\/div>\n\t\t\t\t<\/div>\n\t\t\t\t<div class=\"elementor-element elementor-element-16ebc0b elementor-widget elementor-widget-spacer\" data-id=\"16ebc0b\" data-element_type=\"widget\" data-e-type=\"widget\" data-widget_type=\"spacer.default\">\n\t\t\t\t<div class=\"elementor-widget-container\">\n\t\t\t\t\t\t\t<div class=\"elementor-spacer\">\n\t\t\t<div class=\"elementor-spacer-inner\"><\/div>\n\t\t<\/div>\n\t\t\t\t\t\t<\/div>\n\t\t\t\t<\/div>\n\t\t\t\t<div class=\"elementor-element elementor-element-2149e48 elementor-widget elementor-widget-text-editor\" data-id=\"2149e48\" data-element_type=\"widget\" data-e-type=\"widget\" data-widget_type=\"text-editor.default\">\n\t\t\t\t<div class=\"elementor-widget-container\">\n\t\t\t\t\t\t\t\t\t<p><strong>Vegan.<\/strong><br \/><strong>Certification Cosmos Organic.<\/strong><\/p><p style=\"font-variant-caps: normal; font-family: Roboto, sans-serif; font-size: 14px; font-style: normal;\">Contenance 30ml.<\/p>\t\t\t\t\t\t\t\t<\/div>\n\t\t\t\t<\/div>\n\t\t\t\t\t<\/div>\n\t\t<\/div>\n\t\t\t\t\t<\/div>\n\t\t<\/section>\n\t\t\t\t<section class=\"elementor-section elementor-top-section elementor-element elementor-element-2e4f3ba elementor-section-boxed elementor-section-height-default elementor-section-height-default\" data-id=\"2e4f3ba\" data-element_type=\"section\" data-e-type=\"section\">\n\t\t\t\t\t\t<div class=\"elementor-container elementor-column-gap-default\">\n\t\t\t\t\t<div class=\"elementor-column elementor-col-100 elementor-top-column elementor-element elementor-element-9e5288c\" data-id=\"9e5288c\" data-element_type=\"column\" data-e-type=\"column\">\n\t\t\t<div class=\"elementor-widget-wrap elementor-element-populated\">\n\t\t\t\t\t\t<div class=\"elementor-element elementor-element-2e389ee elementor-widget elementor-widget-toggle\" data-id=\"2e389ee\" data-element_type=\"widget\" data-e-type=\"widget\" data-widget_type=\"toggle.default\">\n\t\t\t\t<div class=\"elementor-widget-container\">\n\t\t\t\t\t\t\t<div class=\"elementor-toggle\">\n\t\t\t\t\t\t\t<div class=\"elementor-toggle-item\">\n\t\t\t\t\t<div id=\"elementor-tab-title-4841\" class=\"elementor-tab-title\" data-tab=\"1\" role=\"button\" aria-controls=\"elementor-tab-content-4841\" aria-expanded=\"false\">\n\t\t\t\t\t\t\t\t\t\t\t\t<span class=\"elementor-toggle-icon elementor-toggle-icon-left\" aria-hidden=\"true\">\n\t\t\t\t\t\t\t\t\t\t\t\t\t\t\t<span class=\"elementor-toggle-icon-closed\"><i class=\"fas fa-caret-right\"><\/i><\/span>\n\t\t\t\t\t\t\t\t<span class=\"elementor-toggle-icon-opened\"><i class=\"elementor-toggle-icon-opened fas fa-caret-up\"><\/i><\/span>\n\t\t\t\t\t\t\t\t\t\t\t\t\t<\/span>\n\t\t\t\t\t\t\t\t\t\t\t\t<a class=\"elementor-toggle-title\" tabindex=\"0\">Ingr\u00e9dients actifs<\/a>\n\t\t\t\t\t<\/div>\n\n\t\t\t\t\t<div id=\"elementor-tab-content-4841\" class=\"elementor-tab-content elementor-clearfix\" data-tab=\"1\" role=\"region\" aria-labelledby=\"elementor-tab-title-4841\"><ul><li><strong><span class=\"OYPEnA text-decoration-none text-strikethrough-none\">Rose Musqu\u00e9e du Chilli (Rosier Muscat) <\/span><\/strong><span class=\"OYPEnA text-decoration-none text-strikethrough-none\">et ses vertus r\u00e9g\u00e9n\u00e9rantes, anti-\u00e2ges, r\u00e9paratrices et adoucissantes.<\/span><\/li><li class=\"cvGsUA direction-ltr align-start para-style-body\"><span class=\"OYPEnA text-decoration-none text-strikethrough-none\"><strong>Acide Hyaluronique 100% naturel :<\/strong> <\/span><span class=\"OYPEnA text-decoration-none text-strikethrough-none\">hydrate en profondeur, anti-\u00e2ge naturel, effet relaxant + lifting, \u00e9clat de la peau. <\/span><span class=\"OYPEnA text-decoration-none text-strikethrough-none\">Concentration in\u00e9gal\u00e9e pour des r\u00e9sultats exceptionnels.<\/span><\/li><li class=\"cvGsUA direction-ltr align-start para-style-body\"><span class=\"OYPEnA text-decoration-none text-strikethrough-none\" style=\"font-size: 14px;\"><strong>Huile d\u2019Avocat<\/strong> aux propri\u00e9t\u00e9s <\/span><span class=\"OYPEnA text-decoration-none text-strikethrough-none\" style=\"font-size: 14px;\">nourrissantes, r\u00e9g\u00e9n\u00e9rantes et r\u00e9paratrices.<\/span><\/li><li><span class=\"OYPEnA text-decoration-none text-strikethrough-none\"><strong>Vitamine E naturelle<\/strong> <\/span><span class=\"OYPEnA text-decoration-none text-strikethrough-none\">antioxydante<\/span><\/li><li><strong><span class=\"OYPEnA text-decoration-none text-strikethrough-none\">Huile de p\u00e9pin de figue de barbarie<\/span><\/strong><span class=\"OYPEnA text-decoration-none text-strikethrough-none white-space-prewrap\">\u00a0<\/span><span class=\"OYPEnA text-decoration-none text-strikethrough-none\">qui va maintenir une bonne \u00e9lasticit\u00e9 de la peau. Elle r\u00e9tablit le film hydrolipidique de l&rsquo;\u00e9piderme, r\u00e9hydratant la peau efficacement m\u00eame les plus dess\u00e9ch\u00e9es. Un v\u00e9ritable elixir de jeunesse (4%).<\/span><\/li><li><strong><span class=\"OYPEnA text-decoration-none text-strikethrough-none\">Hydrolat de Fleur d\u2019Oranger : <\/span><\/strong><span class=\"OYPEnA text-decoration-none text-strikethrough-none\">apaisant, rafra\u00eechissant, adapt\u00e9 aux peaux s\u00e8ches et sensibles et aux teints d\u00e9licats.<\/span><\/li><li><strong><span class=\"OYPEnA text-decoration-none text-strikethrough-none\">Actif anti-t\u00e2ches au Murier Blanc, Hibiscus et Concombre :<\/span><\/strong><span class=\"OYPEnA text-decoration-none text-strikethrough-none white-space-prewrap\">\u00a0<\/span><span class=\"OYPEnA text-decoration-none text-strikethrough-none\">illumine et unifie le teint en douceur, en att\u00e9nuant les taches brunes li\u00e9es \u00e0 l&rsquo;\u00e2ge, la grossesse et dues au soleil.<\/span><\/li><\/ul><\/div>\n\t\t\t\t<\/div>\n\t\t\t\t\t\t\t<div class=\"elementor-toggle-item\">\n\t\t\t\t\t<div id=\"elementor-tab-title-4842\" class=\"elementor-tab-title\" data-tab=\"2\" role=\"button\" aria-controls=\"elementor-tab-content-4842\" aria-expanded=\"false\">\n\t\t\t\t\t\t\t\t\t\t\t\t<span class=\"elementor-toggle-icon elementor-toggle-icon-left\" aria-hidden=\"true\">\n\t\t\t\t\t\t\t\t\t\t\t\t\t\t\t<span class=\"elementor-toggle-icon-closed\"><i class=\"fas fa-caret-right\"><\/i><\/span>\n\t\t\t\t\t\t\t\t<span class=\"elementor-toggle-icon-opened\"><i class=\"elementor-toggle-icon-opened fas fa-caret-up\"><\/i><\/span>\n\t\t\t\t\t\t\t\t\t\t\t\t\t<\/span>\n\t\t\t\t\t\t\t\t\t\t\t\t<a class=\"elementor-toggle-title\" tabindex=\"0\">Conseils d'utilisation<\/a>\n\t\t\t\t\t<\/div>\n\n\t\t\t\t\t<div id=\"elementor-tab-content-4842\" class=\"elementor-tab-content elementor-clearfix\" data-tab=\"2\" role=\"region\" aria-labelledby=\"elementor-tab-title-4842\"><p>Appliquez d\u00e9licatement matin et soir sur le visage, contour de yeux et cou.<\/p><\/div>\n\t\t\t\t<\/div>\n\t\t\t\t\t\t\t<div class=\"elementor-toggle-item\">\n\t\t\t\t\t<div id=\"elementor-tab-title-4843\" class=\"elementor-tab-title\" data-tab=\"3\" role=\"button\" aria-controls=\"elementor-tab-content-4843\" aria-expanded=\"false\">\n\t\t\t\t\t\t\t\t\t\t\t\t<span class=\"elementor-toggle-icon elementor-toggle-icon-left\" aria-hidden=\"true\">\n\t\t\t\t\t\t\t\t\t\t\t\t\t\t\t<span class=\"elementor-toggle-icon-closed\"><i class=\"fas fa-caret-right\"><\/i><\/span>\n\t\t\t\t\t\t\t\t<span class=\"elementor-toggle-icon-opened\"><i class=\"elementor-toggle-icon-opened fas fa-caret-up\"><\/i><\/span>\n\t\t\t\t\t\t\t\t\t\t\t\t\t<\/span>\n\t\t\t\t\t\t\t\t\t\t\t\t<a class=\"elementor-toggle-title\" tabindex=\"0\">Ingr\u00e9dients (INCI)<\/a>\n\t\t\t\t\t<\/div>\n\n\t\t\t\t\t<div id=\"elementor-tab-content-4843\" class=\"elementor-tab-content elementor-clearfix\" data-tab=\"3\" role=\"region\" aria-labelledby=\"elementor-tab-title-4843\"><p>Citrus auriantum amara flower water*, persea gratissima oil*, opuntia ficus indica seed oil*, glycerin**, aqua, rosa rubiginosa seed oil**, cetyl alcohol, sodium hyluronate, hibiscus sabdariffa flower extract, morus alba bark extract, citric acid, cucumis sativus seed extract, tocopherol, glyceryl stearate, cetearyl alcohol, stearic acid, sodium lauroyl glutamate, sodium benzoate, potassium sorbate, benzyl alcohol, dehydroacetic acid, linalool, limonene, farnesol, geraniol.<\/p><p>99,04% des ingr\u00e9dients sont d\u2019origine naturelle. dont<strong> 89,89% issus de l&rsquo;agriculture biologique*.<\/strong><\/p><\/div>\n\t\t\t\t<\/div>\n\t\t\t\t\t\t\t\t<\/div>\n\t\t\t\t\t\t<\/div>\n\t\t\t\t<\/div>\n\t\t\t\t\t<\/div>\n\t\t<\/div>\n\t\t\t\t\t<\/div>\n\t\t<\/section>\n\t\t\t\t<section class=\"elementor-section elementor-top-section elementor-element elementor-element-3a49037 elementor-section-boxed elementor-section-height-default elementor-section-height-default\" data-id=\"3a49037\" data-element_type=\"section\" data-e-type=\"section\">\n\t\t\t\t\t\t<div class=\"elementor-container elementor-column-gap-default\">\n\t\t\t\t\t<div class=\"elementor-column elementor-col-100 elementor-top-column elementor-element elementor-element-986b725\" data-id=\"986b725\" data-element_type=\"column\" data-e-type=\"column\">\n\t\t\t<div class=\"elementor-widget-wrap elementor-element-populated\">\n\t\t\t\t\t\t<div class=\"elementor-element elementor-element-b130741 elementor-widget elementor-widget-heading\" data-id=\"b130741\" data-element_type=\"widget\" data-e-type=\"widget\" data-widget_type=\"heading.default\">\n\t\t\t\t<div class=\"elementor-widget-container\">\n\t\t\t\t\t<h2 class=\"elementor-heading-title elementor-size-default\">Au coeur du produit<\/h2>\t\t\t\t<\/div>\n\t\t\t\t<\/div>\n\t\t\t\t\t<\/div>\n\t\t<\/div>\n\t\t\t\t\t<\/div>\n\t\t<\/section>\n\t\t\t\t<section class=\"elementor-section elementor-top-section elementor-element elementor-element-a2c5bee elementor-section-boxed elementor-section-height-default elementor-section-height-default\" data-id=\"a2c5bee\" data-element_type=\"section\" data-e-type=\"section\">\n\t\t\t\t\t\t<div class=\"elementor-container elementor-column-gap-default\">\n\t\t\t\t\t<div class=\"elementor-column elementor-col-20 elementor-top-column elementor-element elementor-element-4807e2b\" data-id=\"4807e2b\" data-element_type=\"column\" data-e-type=\"column\">\n\t\t\t<div class=\"elementor-widget-wrap elementor-element-populated\">\n\t\t\t\t\t\t<div class=\"elementor-element elementor-element-a2c5fc9 elementor-widget elementor-widget-image\" data-id=\"a2c5fc9\" data-element_type=\"widget\" data-e-type=\"widget\" data-widget_type=\"image.default\">\n\t\t\t\t<div class=\"elementor-widget-container\">\n\t\t\t\t\t\t\t\t\t\t\t\t\t\t\t<img loading=\"lazy\" decoding=\"async\" width=\"500\" height=\"500\" src=\"https:\/\/biosiris-cosmetiques.com\/wp-content\/uploads\/2022\/12\/fr-1.png\" class=\"attachment-large size-large wp-image-3318\" alt=\"\" srcset=\"https:\/\/biosiris-cosmetiques.com\/wp-content\/uploads\/2022\/12\/fr-1.png 500w, https:\/\/biosiris-cosmetiques.com\/wp-content\/uploads\/2022\/12\/fr-1-300x300.png 300w, https:\/\/biosiris-cosmetiques.com\/wp-content\/uploads\/2022\/12\/fr-1-150x150.png 150w, https:\/\/biosiris-cosmetiques.com\/wp-content\/uploads\/2022\/12\/fr-1-100x100.png 100w\" sizes=\"(max-width: 500px) 100vw, 500px\" \/>\t\t\t\t\t\t\t\t\t\t\t\t\t\t\t<\/div>\n\t\t\t\t<\/div>\n\t\t\t\t<div class=\"elementor-element elementor-element-ebede80 elementor-widget elementor-widget-text-editor\" data-id=\"ebede80\" data-element_type=\"widget\" data-e-type=\"widget\" data-widget_type=\"text-editor.default\">\n\t\t\t\t<div class=\"elementor-widget-container\">\n\t\t\t\t\t\t\t\t\t<p>Artisans fran\u00e7ais<\/p>\t\t\t\t\t\t\t\t<\/div>\n\t\t\t\t<\/div>\n\t\t\t\t\t<\/div>\n\t\t<\/div>\n\t\t\t\t<div class=\"elementor-column elementor-col-20 elementor-top-column elementor-element elementor-element-2c0594c\" data-id=\"2c0594c\" data-element_type=\"column\" data-e-type=\"column\">\n\t\t\t<div class=\"elementor-widget-wrap elementor-element-populated\">\n\t\t\t\t\t\t<div class=\"elementor-element elementor-element-3cb787f elementor-widget elementor-widget-image\" data-id=\"3cb787f\" data-element_type=\"widget\" data-e-type=\"widget\" data-widget_type=\"image.default\">\n\t\t\t\t<div class=\"elementor-widget-container\">\n\t\t\t\t\t\t\t\t\t\t\t\t\t\t\t<img loading=\"lazy\" decoding=\"async\" width=\"500\" height=\"500\" src=\"https:\/\/biosiris-cosmetiques.com\/wp-content\/uploads\/2022\/12\/nat-2.png\" class=\"attachment-large size-large wp-image-3320\" alt=\"\" srcset=\"https:\/\/biosiris-cosmetiques.com\/wp-content\/uploads\/2022\/12\/nat-2.png 500w, https:\/\/biosiris-cosmetiques.com\/wp-content\/uploads\/2022\/12\/nat-2-300x300.png 300w, https:\/\/biosiris-cosmetiques.com\/wp-content\/uploads\/2022\/12\/nat-2-150x150.png 150w, https:\/\/biosiris-cosmetiques.com\/wp-content\/uploads\/2022\/12\/nat-2-100x100.png 100w\" sizes=\"(max-width: 500px) 100vw, 500px\" \/>\t\t\t\t\t\t\t\t\t\t\t\t\t\t\t<\/div>\n\t\t\t\t<\/div>\n\t\t\t\t<div class=\"elementor-element elementor-element-9990cd1 elementor-widget elementor-widget-text-editor\" data-id=\"9990cd1\" data-element_type=\"widget\" data-e-type=\"widget\" data-widget_type=\"text-editor.default\">\n\t\t\t\t<div class=\"elementor-widget-container\">\n\t\t\t\t\t\t\t\t\t<p>99,04% d\u2019ingr\u00e9dients d\u2019origine naturelle<\/p>\t\t\t\t\t\t\t\t<\/div>\n\t\t\t\t<\/div>\n\t\t\t\t\t<\/div>\n\t\t<\/div>\n\t\t\t\t<div class=\"elementor-column elementor-col-20 elementor-top-column elementor-element elementor-element-2240db0\" data-id=\"2240db0\" data-element_type=\"column\" data-e-type=\"column\">\n\t\t\t<div class=\"elementor-widget-wrap elementor-element-populated\">\n\t\t\t\t\t\t<div class=\"elementor-element elementor-element-63f3868 elementor-widget elementor-widget-image\" data-id=\"63f3868\" data-element_type=\"widget\" data-e-type=\"widget\" data-widget_type=\"image.default\">\n\t\t\t\t<div class=\"elementor-widget-container\">\n\t\t\t\t\t\t\t\t\t\t\t\t\t\t\t<img loading=\"lazy\" decoding=\"async\" width=\"500\" height=\"500\" src=\"https:\/\/biosiris-cosmetiques.com\/wp-content\/uploads\/2022\/12\/bio-1.png\" class=\"attachment-large size-large wp-image-3316\" alt=\"\" srcset=\"https:\/\/biosiris-cosmetiques.com\/wp-content\/uploads\/2022\/12\/bio-1.png 500w, https:\/\/biosiris-cosmetiques.com\/wp-content\/uploads\/2022\/12\/bio-1-300x300.png 300w, https:\/\/biosiris-cosmetiques.com\/wp-content\/uploads\/2022\/12\/bio-1-150x150.png 150w, https:\/\/biosiris-cosmetiques.com\/wp-content\/uploads\/2022\/12\/bio-1-100x100.png 100w\" sizes=\"(max-width: 500px) 100vw, 500px\" \/>\t\t\t\t\t\t\t\t\t\t\t\t\t\t\t<\/div>\n\t\t\t\t<\/div>\n\t\t\t\t<div class=\"elementor-element elementor-element-eabe87c elementor-widget elementor-widget-text-editor\" data-id=\"eabe87c\" data-element_type=\"widget\" data-e-type=\"widget\" data-widget_type=\"text-editor.default\">\n\t\t\t\t<div class=\"elementor-widget-container\">\n\t\t\t\t\t\t\t\t\t<p>89,89% d\u2019ingr\u00e9dients BIO<\/p>\t\t\t\t\t\t\t\t<\/div>\n\t\t\t\t<\/div>\n\t\t\t\t\t<\/div>\n\t\t<\/div>\n\t\t\t\t<div class=\"elementor-column elementor-col-20 elementor-top-column elementor-element elementor-element-e82422c\" data-id=\"e82422c\" data-element_type=\"column\" data-e-type=\"column\">\n\t\t\t<div class=\"elementor-widget-wrap elementor-element-populated\">\n\t\t\t\t\t\t<div class=\"elementor-element elementor-element-a747d74 elementor-widget elementor-widget-image\" data-id=\"a747d74\" data-element_type=\"widget\" data-e-type=\"widget\" data-widget_type=\"image.default\">\n\t\t\t\t<div class=\"elementor-widget-container\">\n\t\t\t\t\t\t\t\t\t\t\t\t\t\t\t<img loading=\"lazy\" decoding=\"async\" width=\"500\" height=\"500\" src=\"https:\/\/biosiris-cosmetiques.com\/wp-content\/uploads\/2022\/12\/equi-1.png\" class=\"attachment-large size-large wp-image-3317\" alt=\"\" srcset=\"https:\/\/biosiris-cosmetiques.com\/wp-content\/uploads\/2022\/12\/equi-1.png 500w, https:\/\/biosiris-cosmetiques.com\/wp-content\/uploads\/2022\/12\/equi-1-300x300.png 300w, https:\/\/biosiris-cosmetiques.com\/wp-content\/uploads\/2022\/12\/equi-1-150x150.png 150w, https:\/\/biosiris-cosmetiques.com\/wp-content\/uploads\/2022\/12\/equi-1-100x100.png 100w\" sizes=\"(max-width: 500px) 100vw, 500px\" \/>\t\t\t\t\t\t\t\t\t\t\t\t\t\t\t<\/div>\n\t\t\t\t<\/div>\n\t\t\t\t<div class=\"elementor-element elementor-element-0d3e388 elementor-widget elementor-widget-text-editor\" data-id=\"0d3e388\" data-element_type=\"widget\" data-e-type=\"widget\" data-widget_type=\"text-editor.default\">\n\t\t\t\t<div class=\"elementor-widget-container\">\n\t\t\t\t\t\t\t\t\t<p>Contient des ingr\u00e9dients issus du commerce \u00e9quitable<\/p>\t\t\t\t\t\t\t\t<\/div>\n\t\t\t\t<\/div>\n\t\t\t\t\t<\/div>\n\t\t<\/div>\n\t\t\t\t<div class=\"elementor-column elementor-col-20 elementor-top-column elementor-element elementor-element-9f05d86\" data-id=\"9f05d86\" data-element_type=\"column\" data-e-type=\"column\">\n\t\t\t<div class=\"elementor-widget-wrap elementor-element-populated\">\n\t\t\t\t\t\t<div class=\"elementor-element elementor-element-73aeefc elementor-widget elementor-widget-image\" data-id=\"73aeefc\" data-element_type=\"widget\" data-e-type=\"widget\" data-widget_type=\"image.default\">\n\t\t\t\t<div class=\"elementor-widget-container\">\n\t\t\t\t\t\t\t\t\t\t\t\t\t\t\t<img loading=\"lazy\" decoding=\"async\" width=\"500\" height=\"500\" src=\"https:\/\/biosiris-cosmetiques.com\/wp-content\/uploads\/2022\/12\/vegan.png\" class=\"attachment-large size-large wp-image-3338\" alt=\"\" srcset=\"https:\/\/biosiris-cosmetiques.com\/wp-content\/uploads\/2022\/12\/vegan.png 500w, https:\/\/biosiris-cosmetiques.com\/wp-content\/uploads\/2022\/12\/vegan-300x300.png 300w, https:\/\/biosiris-cosmetiques.com\/wp-content\/uploads\/2022\/12\/vegan-150x150.png 150w, https:\/\/biosiris-cosmetiques.com\/wp-content\/uploads\/2022\/12\/vegan-100x100.png 100w\" sizes=\"(max-width: 500px) 100vw, 500px\" \/>\t\t\t\t\t\t\t\t\t\t\t\t\t\t\t<\/div>\n\t\t\t\t<\/div>\n\t\t\t\t<div class=\"elementor-element elementor-element-b57e80b elementor-widget elementor-widget-text-editor\" data-id=\"b57e80b\" data-element_type=\"widget\" data-e-type=\"widget\" data-widget_type=\"text-editor.default\">\n\t\t\t\t<div class=\"elementor-widget-container\">\n\t\t\t\t\t\t\t\t\t<p>Sans mati\u00e8re d\u2019origine animale<\/p>\t\t\t\t\t\t\t\t<\/div>\n\t\t\t\t<\/div>\n\t\t\t\t\t<\/div>\n\t\t<\/div>\n\t\t\t\t\t<\/div>\n\t\t<\/section>\n\t\t\t\t<\/div>\n\t\t","protected":false},"excerpt":{"rendered":"<p>SERUM ECLAT ANTI-AGE \u00e0 l&rsquo;acide hyaluronique et \u00e0 la figue de barbarie<br \/>\nS\u00e9rum 3 en 1 exceptionnellement concentr\u00e9 en actifs naturels pr\u00e9cieux aux vertus hydratantes, Anti-\u00e2ge et anti t\u00e2ches. Texture fine et voluptueuse sublimant instantan\u00e9ment la peau.<\/p>\n","protected":false},"featured_media":2938,"comment_status":"open","ping_status":"closed","template":"","meta":{"ocean_post_layout":"","ocean_both_sidebars_style":"","ocean_both_sidebars_content_width":0,"ocean_both_sidebars_sidebars_width":0,"ocean_sidebar":"0","ocean_second_sidebar":"0","ocean_disable_margins":"enable","ocean_add_body_class":"","ocean_shortcode_before_top_bar":"","ocean_shortcode_after_top_bar":"","ocean_shortcode_before_header":"","ocean_shortcode_after_header":"","ocean_has_shortcode":"","ocean_shortcode_after_title":"","ocean_shortcode_before_footer_widgets":"","ocean_shortcode_after_footer_widgets":"","ocean_shortcode_before_footer_bottom":"","ocean_shortcode_after_footer_bottom":"","ocean_display_top_bar":"default","ocean_display_header":"default","ocean_header_style":"","ocean_center_header_left_menu":"0","ocean_custom_header_template":"0","ocean_custom_logo":0,"ocean_custom_retina_logo":0,"ocean_custom_logo_max_width":0,"ocean_custom_logo_tablet_max_width":0,"ocean_custom_logo_mobile_max_width":0,"ocean_custom_logo_max_height":0,"ocean_custom_logo_tablet_max_height":0,"ocean_custom_logo_mobile_max_height":0,"ocean_header_custom_menu":"0","ocean_menu_typo_font_family":"0","ocean_menu_typo_font_subset":"","ocean_menu_typo_font_size":0,"ocean_menu_typo_font_size_tablet":0,"ocean_menu_typo_font_size_mobile":0,"ocean_menu_typo_font_size_unit":"px","ocean_menu_typo_font_weight":"","ocean_menu_typo_font_weight_tablet":"","ocean_menu_typo_font_weight_mobile":"","ocean_menu_typo_transform":"","ocean_menu_typo_transform_tablet":"","ocean_menu_typo_transform_mobile":"","ocean_menu_typo_line_height":0,"ocean_menu_typo_line_height_tablet":0,"ocean_menu_typo_line_height_mobile":0,"ocean_menu_typo_line_height_unit":"","ocean_menu_typo_spacing":0,"ocean_menu_typo_spacing_tablet":0,"ocean_menu_typo_spacing_mobile":0,"ocean_menu_typo_spacing_unit":"","ocean_menu_link_color":"","ocean_menu_link_color_hover":"","ocean_menu_link_color_active":"","ocean_menu_link_background":"","ocean_menu_link_hover_background":"","ocean_menu_link_active_background":"","ocean_menu_social_links_bg":"","ocean_menu_social_hover_links_bg":"","ocean_menu_social_links_color":"","ocean_menu_social_hover_links_color":"","ocean_disable_title":"default","ocean_disable_heading":"default","ocean_post_title":"","ocean_post_subheading":"","ocean_post_title_style":"","ocean_post_title_background_color":"","ocean_post_title_background":0,"ocean_post_title_bg_image_position":"","ocean_post_title_bg_image_attachment":"","ocean_post_title_bg_image_repeat":"","ocean_post_title_bg_image_size":"","ocean_post_title_height":0,"ocean_post_title_bg_overlay":0.5,"ocean_post_title_bg_overlay_color":"","ocean_disable_breadcrumbs":"default","ocean_breadcrumbs_color":"","ocean_breadcrumbs_separator_color":"","ocean_breadcrumbs_links_color":"","ocean_breadcrumbs_links_hover_color":"","ocean_display_footer_widgets":"default","ocean_display_footer_bottom":"default","ocean_custom_footer_template":"0"},"product_brand":[],"product_cat":[40,37],"product_tag":[],"class_list":{"0":"post-402","1":"product","2":"type-product","3":"status-publish","4":"has-post-thumbnail","6":"product_cat-anti-age-et-hydratants","7":"product_cat-soins-visage","9":"entry","10":"has-media","12":"first","13":"instock","14":"shipping-taxable","15":"purchasable","16":"product-type-simple","17":"has-rating","18":"has-product-nav","19":"col","20":"span_1_of_4","21":"owp-content-center","22":"owp-thumbs-layout-horizontal","23":"owp-btn-normal","24":"owp-tabs-layout-horizontal","25":"has-no-thumbnails"},"yoast_head":"<!-- This site is optimized with the Yoast SEO plugin v27.3 - https:\/\/yoast.com\/product\/yoast-seo-wordpress\/ -->\n<title>S\u00e9rum \u00e9clat anti-\u00e2ge - Biosiris Cosm\u00e9tiques<\/title>\n<meta name=\"description\" content=\"S\u00e9rum 3 en 1 exceptionnellement concentr\u00e9 en actifs naturels pr\u00e9cieux aux vertus hydratantes, Anti-\u00e2ge et anti t\u00e2ches. Texture fine et voluptueuse.\" \/>\n<meta name=\"robots\" content=\"index, follow, max-snippet:-1, max-image-preview:large, max-video-preview:-1\" \/>\n<link rel=\"canonical\" href=\"https:\/\/biosiris-cosmetiques.com\/index.php\/produit\/serum-eclat-anti-age\/\" \/>\n<meta property=\"og:locale\" content=\"fr_FR\" \/>\n<meta property=\"og:type\" content=\"article\" \/>\n<meta property=\"og:title\" content=\"S\u00e9rum \u00e9clat anti-\u00e2ge - Biosiris Cosm\u00e9tiques\" \/>\n<meta property=\"og:description\" content=\"S\u00e9rum 3 en 1 exceptionnellement concentr\u00e9 en actifs naturels pr\u00e9cieux aux vertus hydratantes, Anti-\u00e2ge et anti t\u00e2ches. Texture fine et voluptueuse.\" \/>\n<meta property=\"og:url\" content=\"https:\/\/biosiris-cosmetiques.com\/index.php\/produit\/serum-eclat-anti-age\/\" \/>\n<meta property=\"og:site_name\" content=\"Biosiris Cosm\u00e9tiques\" \/>\n<meta property=\"article:publisher\" content=\"https:\/\/www.facebook.com\/biosiris.cosmetiques\" \/>\n<meta property=\"article:modified_time\" content=\"2026-04-25T01:47:08+00:00\" \/>\n<meta property=\"og:image\" content=\"https:\/\/biosiris-cosmetiques.com\/wp-content\/uploads\/2022\/12\/23-scaled.jpg\" \/>\n\t<meta property=\"og:image:width\" content=\"2560\" \/>\n\t<meta property=\"og:image:height\" content=\"1920\" \/>\n\t<meta property=\"og:image:type\" content=\"image\/jpeg\" \/>\n<meta name=\"twitter:card\" content=\"summary_large_image\" \/>\n<meta name=\"twitter:label1\" content=\"Dur\u00e9e de lecture estim\u00e9e\" \/>\n\t<meta name=\"twitter:data1\" content=\"5 minutes\" \/>\n<script type=\"application\/ld+json\" class=\"yoast-schema-graph\">{\"@context\":\"https:\\\/\\\/schema.org\",\"@graph\":[{\"@type\":\"WebPage\",\"@id\":\"https:\\\/\\\/biosiris-cosmetiques.com\\\/index.php\\\/produit\\\/serum-eclat-anti-age\\\/\",\"url\":\"https:\\\/\\\/biosiris-cosmetiques.com\\\/index.php\\\/produit\\\/serum-eclat-anti-age\\\/\",\"name\":\"S\u00e9rum \u00e9clat anti-\u00e2ge - Biosiris Cosm\u00e9tiques\",\"isPartOf\":{\"@id\":\"https:\\\/\\\/biosiris-cosmetiques.com\\\/#website\"},\"primaryImageOfPage\":{\"@id\":\"https:\\\/\\\/biosiris-cosmetiques.com\\\/index.php\\\/produit\\\/serum-eclat-anti-age\\\/#primaryimage\"},\"image\":{\"@id\":\"https:\\\/\\\/biosiris-cosmetiques.com\\\/index.php\\\/produit\\\/serum-eclat-anti-age\\\/#primaryimage\"},\"thumbnailUrl\":\"https:\\\/\\\/biosiris-cosmetiques.com\\\/wp-content\\\/uploads\\\/2022\\\/12\\\/23-scaled.jpg\",\"datePublished\":\"2022-12-23T10:37:49+00:00\",\"dateModified\":\"2026-04-25T01:47:08+00:00\",\"description\":\"S\u00e9rum 3 en 1 exceptionnellement concentr\u00e9 en actifs naturels pr\u00e9cieux aux vertus hydratantes, Anti-\u00e2ge et anti t\u00e2ches. Texture fine et voluptueuse.\",\"breadcrumb\":{\"@id\":\"https:\\\/\\\/biosiris-cosmetiques.com\\\/index.php\\\/produit\\\/serum-eclat-anti-age\\\/#breadcrumb\"},\"inLanguage\":\"fr-FR\",\"potentialAction\":[{\"@type\":\"ReadAction\",\"target\":[\"https:\\\/\\\/biosiris-cosmetiques.com\\\/index.php\\\/produit\\\/serum-eclat-anti-age\\\/\"]}]},{\"@type\":\"ImageObject\",\"inLanguage\":\"fr-FR\",\"@id\":\"https:\\\/\\\/biosiris-cosmetiques.com\\\/index.php\\\/produit\\\/serum-eclat-anti-age\\\/#primaryimage\",\"url\":\"https:\\\/\\\/biosiris-cosmetiques.com\\\/wp-content\\\/uploads\\\/2022\\\/12\\\/23-scaled.jpg\",\"contentUrl\":\"https:\\\/\\\/biosiris-cosmetiques.com\\\/wp-content\\\/uploads\\\/2022\\\/12\\\/23-scaled.jpg\",\"width\":2560,\"height\":1920},{\"@type\":\"BreadcrumbList\",\"@id\":\"https:\\\/\\\/biosiris-cosmetiques.com\\\/index.php\\\/produit\\\/serum-eclat-anti-age\\\/#breadcrumb\",\"itemListElement\":[{\"@type\":\"ListItem\",\"position\":1,\"name\":\"Accueil\",\"item\":\"https:\\\/\\\/biosiris-cosmetiques.com\\\/\"},{\"@type\":\"ListItem\",\"position\":2,\"name\":\"Boutique\",\"item\":\"https:\\\/\\\/biosiris-cosmetiques.com\\\/index.php\\\/boutique\\\/\"},{\"@type\":\"ListItem\",\"position\":3,\"name\":\"S\u00e9rum \u00e9clat anti-\u00e2ge\"}]},{\"@type\":\"WebSite\",\"@id\":\"https:\\\/\\\/biosiris-cosmetiques.com\\\/#website\",\"url\":\"https:\\\/\\\/biosiris-cosmetiques.com\\\/\",\"name\":\"Biosiris Cosm\u00e9tiques\",\"description\":\"Biosiris Cosm\u00e9tiques - Soins naturels et biologiques\",\"publisher\":{\"@id\":\"https:\\\/\\\/biosiris-cosmetiques.com\\\/#organization\"},\"potentialAction\":[{\"@type\":\"SearchAction\",\"target\":{\"@type\":\"EntryPoint\",\"urlTemplate\":\"https:\\\/\\\/biosiris-cosmetiques.com\\\/?s={search_term_string}\"},\"query-input\":{\"@type\":\"PropertyValueSpecification\",\"valueRequired\":true,\"valueName\":\"search_term_string\"}}],\"inLanguage\":\"fr-FR\"},{\"@type\":\"Organization\",\"@id\":\"https:\\\/\\\/biosiris-cosmetiques.com\\\/#organization\",\"name\":\"Biosiris Cosm\u00e9tiques\",\"url\":\"https:\\\/\\\/biosiris-cosmetiques.com\\\/\",\"logo\":{\"@type\":\"ImageObject\",\"inLanguage\":\"fr-FR\",\"@id\":\"https:\\\/\\\/biosiris-cosmetiques.com\\\/#\\\/schema\\\/logo\\\/image\\\/\",\"url\":\"https:\\\/\\\/biosiris-cosmetiques.com\\\/wp-content\\\/uploads\\\/2022\\\/12\\\/logo-biosiris-400.png\",\"contentUrl\":\"https:\\\/\\\/biosiris-cosmetiques.com\\\/wp-content\\\/uploads\\\/2022\\\/12\\\/logo-biosiris-400.png\",\"width\":400,\"height\":175,\"caption\":\"Biosiris Cosm\u00e9tiques\"},\"image\":{\"@id\":\"https:\\\/\\\/biosiris-cosmetiques.com\\\/#\\\/schema\\\/logo\\\/image\\\/\"},\"sameAs\":[\"https:\\\/\\\/www.facebook.com\\\/biosiris.cosmetiques\",\"https:\\\/\\\/www.instagram.com\\\/biosiriscosmetiquesbio\\\/\"]}]}<\/script>\n<!-- \/ Yoast SEO plugin. -->","yoast_head_json":{"title":"S\u00e9rum \u00e9clat anti-\u00e2ge - Biosiris Cosm\u00e9tiques","description":"S\u00e9rum 3 en 1 exceptionnellement concentr\u00e9 en actifs naturels pr\u00e9cieux aux vertus hydratantes, Anti-\u00e2ge et anti t\u00e2ches. Texture fine et voluptueuse.","robots":{"index":"index","follow":"follow","max-snippet":"max-snippet:-1","max-image-preview":"max-image-preview:large","max-video-preview":"max-video-preview:-1"},"canonical":"https:\/\/biosiris-cosmetiques.com\/index.php\/produit\/serum-eclat-anti-age\/","og_locale":"fr_FR","og_type":"article","og_title":"S\u00e9rum \u00e9clat anti-\u00e2ge - Biosiris Cosm\u00e9tiques","og_description":"S\u00e9rum 3 en 1 exceptionnellement concentr\u00e9 en actifs naturels pr\u00e9cieux aux vertus hydratantes, Anti-\u00e2ge et anti t\u00e2ches. Texture fine et voluptueuse.","og_url":"https:\/\/biosiris-cosmetiques.com\/index.php\/produit\/serum-eclat-anti-age\/","og_site_name":"Biosiris Cosm\u00e9tiques","article_publisher":"https:\/\/www.facebook.com\/biosiris.cosmetiques","article_modified_time":"2026-04-25T01:47:08+00:00","og_image":[{"width":2560,"height":1920,"url":"https:\/\/biosiris-cosmetiques.com\/wp-content\/uploads\/2022\/12\/23-scaled.jpg","type":"image\/jpeg"}],"twitter_card":"summary_large_image","twitter_misc":{"Dur\u00e9e de lecture estim\u00e9e":"5 minutes"},"schema":{"@context":"https:\/\/schema.org","@graph":[{"@type":"WebPage","@id":"https:\/\/biosiris-cosmetiques.com\/index.php\/produit\/serum-eclat-anti-age\/","url":"https:\/\/biosiris-cosmetiques.com\/index.php\/produit\/serum-eclat-anti-age\/","name":"S\u00e9rum \u00e9clat anti-\u00e2ge - Biosiris Cosm\u00e9tiques","isPartOf":{"@id":"https:\/\/biosiris-cosmetiques.com\/#website"},"primaryImageOfPage":{"@id":"https:\/\/biosiris-cosmetiques.com\/index.php\/produit\/serum-eclat-anti-age\/#primaryimage"},"image":{"@id":"https:\/\/biosiris-cosmetiques.com\/index.php\/produit\/serum-eclat-anti-age\/#primaryimage"},"thumbnailUrl":"https:\/\/biosiris-cosmetiques.com\/wp-content\/uploads\/2022\/12\/23-scaled.jpg","datePublished":"2022-12-23T10:37:49+00:00","dateModified":"2026-04-25T01:47:08+00:00","description":"S\u00e9rum 3 en 1 exceptionnellement concentr\u00e9 en actifs naturels pr\u00e9cieux aux vertus hydratantes, Anti-\u00e2ge et anti t\u00e2ches. Texture fine et voluptueuse.","breadcrumb":{"@id":"https:\/\/biosiris-cosmetiques.com\/index.php\/produit\/serum-eclat-anti-age\/#breadcrumb"},"inLanguage":"fr-FR","potentialAction":[{"@type":"ReadAction","target":["https:\/\/biosiris-cosmetiques.com\/index.php\/produit\/serum-eclat-anti-age\/"]}]},{"@type":"ImageObject","inLanguage":"fr-FR","@id":"https:\/\/biosiris-cosmetiques.com\/index.php\/produit\/serum-eclat-anti-age\/#primaryimage","url":"https:\/\/biosiris-cosmetiques.com\/wp-content\/uploads\/2022\/12\/23-scaled.jpg","contentUrl":"https:\/\/biosiris-cosmetiques.com\/wp-content\/uploads\/2022\/12\/23-scaled.jpg","width":2560,"height":1920},{"@type":"BreadcrumbList","@id":"https:\/\/biosiris-cosmetiques.com\/index.php\/produit\/serum-eclat-anti-age\/#breadcrumb","itemListElement":[{"@type":"ListItem","position":1,"name":"Accueil","item":"https:\/\/biosiris-cosmetiques.com\/"},{"@type":"ListItem","position":2,"name":"Boutique","item":"https:\/\/biosiris-cosmetiques.com\/index.php\/boutique\/"},{"@type":"ListItem","position":3,"name":"S\u00e9rum \u00e9clat anti-\u00e2ge"}]},{"@type":"WebSite","@id":"https:\/\/biosiris-cosmetiques.com\/#website","url":"https:\/\/biosiris-cosmetiques.com\/","name":"Biosiris Cosm\u00e9tiques","description":"Biosiris Cosm\u00e9tiques - Soins naturels et biologiques","publisher":{"@id":"https:\/\/biosiris-cosmetiques.com\/#organization"},"potentialAction":[{"@type":"SearchAction","target":{"@type":"EntryPoint","urlTemplate":"https:\/\/biosiris-cosmetiques.com\/?s={search_term_string}"},"query-input":{"@type":"PropertyValueSpecification","valueRequired":true,"valueName":"search_term_string"}}],"inLanguage":"fr-FR"},{"@type":"Organization","@id":"https:\/\/biosiris-cosmetiques.com\/#organization","name":"Biosiris Cosm\u00e9tiques","url":"https:\/\/biosiris-cosmetiques.com\/","logo":{"@type":"ImageObject","inLanguage":"fr-FR","@id":"https:\/\/biosiris-cosmetiques.com\/#\/schema\/logo\/image\/","url":"https:\/\/biosiris-cosmetiques.com\/wp-content\/uploads\/2022\/12\/logo-biosiris-400.png","contentUrl":"https:\/\/biosiris-cosmetiques.com\/wp-content\/uploads\/2022\/12\/logo-biosiris-400.png","width":400,"height":175,"caption":"Biosiris Cosm\u00e9tiques"},"image":{"@id":"https:\/\/biosiris-cosmetiques.com\/#\/schema\/logo\/image\/"},"sameAs":["https:\/\/www.facebook.com\/biosiris.cosmetiques","https:\/\/www.instagram.com\/biosiriscosmetiquesbio\/"]}]}},"_links":{"self":[{"href":"https:\/\/biosiris-cosmetiques.com\/index.php\/wp-json\/wp\/v2\/product\/402","targetHints":{"allow":["GET"]}}],"collection":[{"href":"https:\/\/biosiris-cosmetiques.com\/index.php\/wp-json\/wp\/v2\/product"}],"about":[{"href":"https:\/\/biosiris-cosmetiques.com\/index.php\/wp-json\/wp\/v2\/types\/product"}],"replies":[{"embeddable":true,"href":"https:\/\/biosiris-cosmetiques.com\/index.php\/wp-json\/wp\/v2\/comments?post=402"}],"version-history":[{"count":58,"href":"https:\/\/biosiris-cosmetiques.com\/index.php\/wp-json\/wp\/v2\/product\/402\/revisions"}],"predecessor-version":[{"id":4919,"href":"https:\/\/biosiris-cosmetiques.com\/index.php\/wp-json\/wp\/v2\/product\/402\/revisions\/4919"}],"wp:featuredmedia":[{"embeddable":true,"href":"https:\/\/biosiris-cosmetiques.com\/index.php\/wp-json\/wp\/v2\/media\/2938"}],"wp:attachment":[{"href":"https:\/\/biosiris-cosmetiques.com\/index.php\/wp-json\/wp\/v2\/media?parent=402"}],"wp:term":[{"taxonomy":"product_brand","embeddable":true,"href":"https:\/\/biosiris-cosmetiques.com\/index.php\/wp-json\/wp\/v2\/product_brand?post=402"},{"taxonomy":"product_cat","embeddable":true,"href":"https:\/\/biosiris-cosmetiques.com\/index.php\/wp-json\/wp\/v2\/product_cat?post=402"},{"taxonomy":"product_tag","embeddable":true,"href":"https:\/\/biosiris-cosmetiques.com\/index.php\/wp-json\/wp\/v2\/product_tag?post=402"}],"curies":[{"name":"wp","href":"https:\/\/api.w.org\/{rel}","templated":true}]}}